{"version":"1.0","provider_name":"Extreme Barcelona","provider_url":"https:\/\/extremebarcelona.com\/ca\/","author_name":"UWS","author_url":"https:\/\/extremebarcelona.com\/ca\/author\/mario\/","title":"Gaudeix de l'Off At Forum i de l'imaginExtrem Barcelona 2018","type":"rich","width":600,"height":338,"html":"<blockquote class=\"wp-embedded-content\" data-secret=\"aQtFw9mmx8\"><a href=\"https:\/\/extremebarcelona.com\/ca\/2018\/05\/28\/loff-at-forum-i-limagin-extreme-barcelona-2018\/\">GAUDEIX DE L&#8217;OFF AT FORUM I L&#8217;IMAGIN EXTREME BARCELONA 2018<\/a><\/blockquote><iframe sandbox=\"allow-scripts\" security=\"restricted\" src=\"https:\/\/extremebarcelona.com\/ca\/2018\/05\/28\/loff-at-forum-i-limagin-extreme-barcelona-2018\/embed\/#?secret=aQtFw9mmx8\" width=\"600\" height=\"338\" title=\"&#8220;GAUDEIX DE L&#8217;OFF AT FORUM I L&#8217;IMAGIN EXTREME BARCELONA 2018&#8221; &#8212; Extreme Barcelona\" data-secret=\"aQtFw9mmx8\" frameborder=\"0\" marginwidth=\"0\" marginheight=\"0\" scrolling=\"no\" class=\"wp-embedded-content\"><\/iframe><script type=\"text\/javascript\">\n\/* <![CDATA[ *\/\n\/*! This file is auto-generated *\/\n!function(d,l){\"use strict\";l.querySelector&&d.addEventListener&&\"undefined\"!=typeof URL&&(d.wp=d.wp||{},d.wp.receiveEmbedMessage||(d.wp.receiveEmbedMessage=function(e){var t=e.data;if((t||t.secret||t.message||t.value)&&!\/[^a-zA-Z0-9]\/.test(t.secret)){for(var s,r,n,a=l.querySelectorAll('iframe[data-secret=\"'+t.secret+'\"]'),o=l.querySelectorAll('blockquote[data-secret=\"'+t.secret+'\"]'),c=new RegExp(\"^https?:$\",\"i\"),i=0;i<o.length;i++)o[i].style.display=\"none\";for(i=0;i<a.length;i++)s=a[i],e.source===s.contentWindow&&(s.removeAttribute(\"style\"),\"height\"===t.message?(1e3<(r=parseInt(t.value,10))?r=1e3:~~r<200&&(r=200),s.height=r):\"link\"===t.message&&(r=new URL(s.getAttribute(\"src\")),n=new URL(t.value),c.test(n.protocol))&&n.host===r.host&&l.activeElement===s&&(d.top.location.href=t.value))}},d.addEventListener(\"message\",d.wp.receiveEmbedMessage,!1),l.addEventListener(\"DOMContentLoaded\",function(){for(var e,t,s=l.querySelectorAll(\"iframe.wp-embedded-content\"),r=0;r<s.length;r++)(t=(e=s[r]).getAttribute(\"data-secret\"))||(t=Math.random().toString(36).substring(2,12),e.src+=\"#?secret=\"+t,e.setAttribute(\"data-secret\",t)),e.contentWindow.postMessage({message:\"ready\",secret:t},\"*\")},!1)))}(window,document);\n\/* ]]> *\/\n<\/script>\n","thumbnail_url":"https:\/\/extremebarcelona.com\/wp-content\/uploads\/2018\/05\/portada-9.jpg","thumbnail_width":"5184","thumbnail_height":"3456","description":"L\u2019imaginExtreme Barcelona 2018 compartir\u00e0 espai amb un dels festivals de m\u00fasica electr\u00f2nica m\u00e9s importants d\u2019Europa: l\u2019Off At Forum. En aquesta edici\u00f3 en qu\u00e8 se celebren 10 anys, s\u2019ofereix la possibilitat de combinar tota l\u2019activitat del cap de setmana amb un dels millors festivals de m\u00fasica electr\u00f2nica."}